{"id":304,"date":"2022-12-03T11:14:43","date_gmt":"2022-12-03T10:14:43","guid":{"rendered":"https:\/\/techpoint-dev.local\/speaker\/sigrun-gjerlow-aasland\/"},"modified":"2022-12-03T11:14:43","modified_gmt":"2022-12-03T10:14:43","slug":"sigrun-gjerlow-aasland","status":"publish","type":"speaker","link":"https:\/\/techpointconference.no\/en\/speaker\/sigrun-gjerlow-aasland\/","title":{"rendered":"Sigrun Gjerl\u00f8w Aasland"},"content":{"rendered":"<p>Sigrun Gjerl\u00f8w Aasland er daglig leder i ZERO.<\/p>\n<p>ZERO er en uavhengig, ideell organisasjon som jobber for \u00e5 m\u00f8te klimakrisen med utslippsfrie teknologier og handlekraft. ZERO jobber for at alle skal kunne bidra og bli en del av l\u00f8sningen. V\u00e5rt m\u00e5l er \u00e5 drive fram nullutslippsl\u00f8sninger, p\u00e5 bekostning av l\u00f8sninger som gir utslipp. Vi mener politisk lederskap og et fremoverlent n\u00e6ringsliv er avgj\u00f8rende for \u00e5 l\u00f8se klimakrisen.<\/p>\n<p>ZERO st\u00e5r for Zero Emission Resource Organisation<\/p>\n<p>Sigrun har tidligere v\u00e6rt nestleder i Tankesmien Agenda. Hun har ogs\u00e5 bakgrunn fra Econ, Norfund, som daglig leder i analyseselskapet Damvad, og fra Verdensbanken. Sigrun har en mastergrad i \u00f8konomi og internasjonale relasjoner.<\/p>\n<p><a href=\"https:\/\/zero.no\/\" target=\"_blank\" rel=\"noopener\">Les mer om milj\u00f8stiftelsen Zero her<\/a><\/p>\n","protected":false},"featured_media":305,"template":"","Conference years":[6],"class_list":["post-304","speaker","type-speaker","status-publish","has-post-thumbnail","hentry","conference-year-past-speakers"],"acf":[],"yoast_head":"<!-- This site is optimized with the Yoast SEO plugin v27.0 - https:\/\/yoast.com\/product\/yoast-seo-wordpress\/ -->\n<title>Sigrun Gjerl\u00f8w Aasland - Techpoint 2026 (en)<\/title>\n<meta name=\"robots\" content=\"index, follow, max-snippet:-1, max-image-preview:large, max-video-preview:-1\" \/>\n<link rel=\"canonical\" href=\"https:\/\/techpointconference.no\/en\/blog\/speaker\/sigrun-gjerlow-aasland\/\" \/>\n<meta property=\"og:locale\" content=\"en_GB\" \/>\n<meta property=\"og:type\" content=\"article\" \/>\n<meta property=\"og:title\" content=\"Sigrun Gjerl\u00f8w Aasland - Techpoint 2026 (en)\" \/>\n<meta property=\"og:description\" content=\"Sigrun Gjerl\u00f8w Aasland er daglig leder i ZERO. ZERO er en uavhengig, ideell organisasjon som jobber for \u00e5 m\u00f8te klimakrisen med utslippsfrie teknologier og handlekraft. ZERO jobber for at alle skal kunne bidra og bli en del av l\u00f8sningen. V\u00e5rt m\u00e5l er \u00e5 drive fram nullutslippsl\u00f8sninger, p\u00e5 bekostning av l\u00f8sninger som gir utslipp. Vi mener [&hellip;]\" \/>\n<meta property=\"og:url\" content=\"https:\/\/techpointconference.no\/en\/blog\/speaker\/sigrun-gjerlow-aasland\/\" \/>\n<meta property=\"og:site_name\" content=\"Techpoint 2026 (en)\" \/>\n<meta property=\"og:image\" content=\"https:\/\/techpointconference.no\/en\/wp-content\/uploads\/sites\/2\/2022\/12\/51426532587_945d618b9c_h-e1658123526805.jpeg\" \/>\n\t<meta property=\"og:image:width\" content=\"1108\" \/>\n\t<meta property=\"og:image:height\" content=\"1059\" \/>\n\t<meta property=\"og:image:type\" content=\"image\/jpeg\" \/>\n<meta name=\"twitter:card\" content=\"summary_large_image\" \/>\n<meta name=\"twitter:label1\" content=\"Estimated reading time\" \/>\n\t<meta name=\"twitter:data1\" content=\"1 minute\" \/>\n<script type=\"application\/ld+json\" class=\"yoast-schema-graph\">{\"@context\":\"https:\/\/schema.org\",\"@graph\":[{\"@type\":\"WebPage\",\"@id\":\"https:\/\/techpointconference.no\/en\/blog\/speaker\/sigrun-gjerlow-aasland\/\",\"url\":\"https:\/\/techpointconference.no\/en\/blog\/speaker\/sigrun-gjerlow-aasland\/\",\"name\":\"Sigrun Gjerl\u00f8w Aasland - Techpoint 2026 (en)\",\"isPartOf\":{\"@id\":\"https:\/\/techpointconference.no\/en\/#website\"},\"primaryImageOfPage\":{\"@id\":\"https:\/\/techpointconference.no\/en\/blog\/speaker\/sigrun-gjerlow-aasland\/#primaryimage\"},\"image\":{\"@id\":\"https:\/\/techpointconference.no\/en\/blog\/speaker\/sigrun-gjerlow-aasland\/#primaryimage\"},\"thumbnailUrl\":\"https:\/\/techpointconference.no\/en\/wp-content\/uploads\/sites\/2\/2022\/12\/51426532587_945d618b9c_h-e1658123526805.jpeg\",\"datePublished\":\"2022-12-03T10:14:43+00:00\",\"breadcrumb\":{\"@id\":\"https:\/\/techpointconference.no\/en\/blog\/speaker\/sigrun-gjerlow-aasland\/#breadcrumb\"},\"inLanguage\":\"en-GB\",\"potentialAction\":[{\"@type\":\"ReadAction\",\"target\":[\"https:\/\/techpointconference.no\/en\/blog\/speaker\/sigrun-gjerlow-aasland\/\"]}]},{\"@type\":\"ImageObject\",\"inLanguage\":\"en-GB\",\"@id\":\"https:\/\/techpointconference.no\/en\/blog\/speaker\/sigrun-gjerlow-aasland\/#primaryimage\",\"url\":\"https:\/\/techpointconference.no\/en\/wp-content\/uploads\/sites\/2\/2022\/12\/51426532587_945d618b9c_h-e1658123526805.jpeg\",\"contentUrl\":\"https:\/\/techpointconference.no\/en\/wp-content\/uploads\/sites\/2\/2022\/12\/51426532587_945d618b9c_h-e1658123526805.jpeg\",\"width\":1108,\"height\":1059},{\"@type\":\"BreadcrumbList\",\"@id\":\"https:\/\/techpointconference.no\/en\/blog\/speaker\/sigrun-gjerlow-aasland\/#breadcrumb\",\"itemListElement\":[{\"@type\":\"ListItem\",\"position\":1,\"name\":\"Hjem\",\"item\":\"https:\/\/techpointconference.no\/en\/\"},{\"@type\":\"ListItem\",\"position\":2,\"name\":\"Sigrun Gjerl\u00f8w Aasland\"}]},{\"@type\":\"WebSite\",\"@id\":\"https:\/\/techpointconference.no\/en\/#website\",\"url\":\"https:\/\/techpointconference.no\/en\/\",\"name\":\"Techpoint 2026\",\"description\":\"Norway\u2019s Leading Arena for AI and Business\",\"potentialAction\":[{\"@type\":\"SearchAction\",\"target\":{\"@type\":\"EntryPoint\",\"urlTemplate\":\"https:\/\/techpointconference.no\/en\/?s={search_term_string}\"},\"query-input\":{\"@type\":\"PropertyValueSpecification\",\"valueRequired\":true,\"valueName\":\"search_term_string\"}}],\"inLanguage\":\"en-GB\"}]}<\/script>\n<!-- \/ Yoast SEO plugin. -->","yoast_head_json":{"title":"Sigrun Gjerl\u00f8w Aasland - Techpoint 2026 (en)","robots":{"index":"index","follow":"follow","max-snippet":"max-snippet:-1","max-image-preview":"max-image-preview:large","max-video-preview":"max-video-preview:-1"},"canonical":"https:\/\/techpointconference.no\/en\/blog\/speaker\/sigrun-gjerlow-aasland\/","og_locale":"en_GB","og_type":"article","og_title":"Sigrun Gjerl\u00f8w Aasland - Techpoint 2026 (en)","og_description":"Sigrun Gjerl\u00f8w Aasland er daglig leder i ZERO. ZERO er en uavhengig, ideell organisasjon som jobber for \u00e5 m\u00f8te klimakrisen med utslippsfrie teknologier og handlekraft. ZERO jobber for at alle skal kunne bidra og bli en del av l\u00f8sningen. V\u00e5rt m\u00e5l er \u00e5 drive fram nullutslippsl\u00f8sninger, p\u00e5 bekostning av l\u00f8sninger som gir utslipp. Vi mener [&hellip;]","og_url":"https:\/\/techpointconference.no\/en\/blog\/speaker\/sigrun-gjerlow-aasland\/","og_site_name":"Techpoint 2026 (en)","og_image":[{"width":1108,"height":1059,"url":"https:\/\/techpointconference.no\/en\/wp-content\/uploads\/sites\/2\/2022\/12\/51426532587_945d618b9c_h-e1658123526805.jpeg","type":"image\/jpeg"}],"twitter_card":"summary_large_image","twitter_misc":{"Estimated reading time":"1 minute"},"schema":{"@context":"https:\/\/schema.org","@graph":[{"@type":"WebPage","@id":"https:\/\/techpointconference.no\/en\/blog\/speaker\/sigrun-gjerlow-aasland\/","url":"https:\/\/techpointconference.no\/en\/blog\/speaker\/sigrun-gjerlow-aasland\/","name":"Sigrun Gjerl\u00f8w Aasland - Techpoint 2026 (en)","isPartOf":{"@id":"https:\/\/techpointconference.no\/en\/#website"},"primaryImageOfPage":{"@id":"https:\/\/techpointconference.no\/en\/blog\/speaker\/sigrun-gjerlow-aasland\/#primaryimage"},"image":{"@id":"https:\/\/techpointconference.no\/en\/blog\/speaker\/sigrun-gjerlow-aasland\/#primaryimage"},"thumbnailUrl":"https:\/\/techpointconference.no\/en\/wp-content\/uploads\/sites\/2\/2022\/12\/51426532587_945d618b9c_h-e1658123526805.jpeg","datePublished":"2022-12-03T10:14:43+00:00","breadcrumb":{"@id":"https:\/\/techpointconference.no\/en\/blog\/speaker\/sigrun-gjerlow-aasland\/#breadcrumb"},"inLanguage":"en-GB","potentialAction":[{"@type":"ReadAction","target":["https:\/\/techpointconference.no\/en\/blog\/speaker\/sigrun-gjerlow-aasland\/"]}]},{"@type":"ImageObject","inLanguage":"en-GB","@id":"https:\/\/techpointconference.no\/en\/blog\/speaker\/sigrun-gjerlow-aasland\/#primaryimage","url":"https:\/\/techpointconference.no\/en\/wp-content\/uploads\/sites\/2\/2022\/12\/51426532587_945d618b9c_h-e1658123526805.jpeg","contentUrl":"https:\/\/techpointconference.no\/en\/wp-content\/uploads\/sites\/2\/2022\/12\/51426532587_945d618b9c_h-e1658123526805.jpeg","width":1108,"height":1059},{"@type":"BreadcrumbList","@id":"https:\/\/techpointconference.no\/en\/blog\/speaker\/sigrun-gjerlow-aasland\/#breadcrumb","itemListElement":[{"@type":"ListItem","position":1,"name":"Hjem","item":"https:\/\/techpointconference.no\/en\/"},{"@type":"ListItem","position":2,"name":"Sigrun Gjerl\u00f8w Aasland"}]},{"@type":"WebSite","@id":"https:\/\/techpointconference.no\/en\/#website","url":"https:\/\/techpointconference.no\/en\/","name":"Techpoint 2026","description":"Norway\u2019s Leading Arena for AI and Business","potentialAction":[{"@type":"SearchAction","target":{"@type":"EntryPoint","urlTemplate":"https:\/\/techpointconference.no\/en\/?s={search_term_string}"},"query-input":{"@type":"PropertyValueSpecification","valueRequired":true,"valueName":"search_term_string"}}],"inLanguage":"en-GB"}]}},"_links":{"self":[{"href":"https:\/\/techpointconference.no\/en\/wp-json\/wp\/v2\/speaker\/304","targetHints":{"allow":["GET"]}}],"collection":[{"href":"https:\/\/techpointconference.no\/en\/wp-json\/wp\/v2\/speaker"}],"about":[{"href":"https:\/\/techpointconference.no\/en\/wp-json\/wp\/v2\/types\/speaker"}],"wp:featuredmedia":[{"embeddable":true,"href":"https:\/\/techpointconference.no\/en\/wp-json\/wp\/v2\/media\/305"}],"wp:attachment":[{"href":"https:\/\/techpointconference.no\/en\/wp-json\/wp\/v2\/media?parent=304"}],"wp:term":[{"taxonomy":"conference-year","embeddable":true,"href":"https:\/\/techpointconference.no\/en\/wp-json\/wp\/v2\/Conference years?post=304"}],"curies":[{"name":"wp","href":"https:\/\/api.w.org\/{rel}","templated":true}]}}