{"id":1581,"date":"2024-05-16T09:40:18","date_gmt":"2024-05-16T07:40:18","guid":{"rendered":"https:\/\/techpointconference.no\/en\/?post_type=speaker&#038;p=1581"},"modified":"2025-10-27T06:34:16","modified_gmt":"2025-10-27T05:34:16","slug":"simen-sommerfeldt","status":"publish","type":"speaker","link":"https:\/\/techpointconference.no\/en\/speaker\/simen-sommerfeldt\/","title":{"rendered":"Simen Sommerfeldt"},"content":{"rendered":"<p>Simen Sommerfeldt, teknologidirekt\u00f8r hos Bouvet, et ledende skandinavisk konsulentselskap, er en anerkjent ekspert innen personvern og GDPR. Han har medforfattet boken \u00abPersonvern og GDPR i praksis\u00bb, som er inkludert i pensum ved flere h\u00f8yskoler og universiteter. Som fagekspert bidro han til Digital21-utvalgets anbefalinger til den norske regjeringen. Videre er Simen medgrunnlegger av L\u00e6r Kidsa Koding, en organisasjon som har opprettet over 200 kodeklubber i Norge og fremmer programmering i skolen.<\/p>\n<p>Som en innovativ tenker, er Simen ogs\u00e5 medgrunnlegger av GoForIT, et b\u00e6rekraftig samarbeid mellom akademia og n\u00e6ringslivet. I v\u00e5ren 2024 spilte han en n\u00f8kkelrolle i etableringen av konferansen Generativ KI i offentlig sektor, som tiltrekker seg over 400 deltakere og nesten 200 p\u00e5 venteliste. Han er dessuten utnevnt av regjeringen som vara i Personvern-nemnda.<\/p>\n<p>I sitt arbeid hos Bouvet koordinerer Simen initiativer knyttet til Generativ KI og engasjerer seg dypt i utforskningen av hvordan generativ KI kan transformere b\u00e5de offentlige og private virksomheter.<\/p>\n","protected":false},"featured_media":6662,"template":"","Conference years":[6],"class_list":["post-1581","speaker","type-speaker","status-publish","has-post-thumbnail","hentry","conference-year-past-speakers"],"acf":[],"yoast_head":"<!-- This site is optimized with the Yoast SEO plugin v27.0 - https:\/\/yoast.com\/product\/yoast-seo-wordpress\/ -->\n<title>Simen Sommerfeldt - Techpoint 2026 (en)<\/title>\n<meta name=\"robots\" content=\"index, follow, max-snippet:-1, max-image-preview:large, max-video-preview:-1\" \/>\n<link rel=\"canonical\" href=\"https:\/\/techpointconference.no\/en\/speaker\/simen-sommerfeldt\/\" \/>\n<meta property=\"og:locale\" content=\"en_GB\" \/>\n<meta property=\"og:type\" content=\"article\" \/>\n<meta property=\"og:title\" content=\"Simen Sommerfeldt - Techpoint 2026 (en)\" \/>\n<meta property=\"og:description\" content=\"Simen Sommerfeldt, teknologidirekt\u00f8r hos Bouvet, et ledende skandinavisk konsulentselskap, er en anerkjent ekspert innen personvern og GDPR. Han har medforfattet boken \u00abPersonvern og GDPR i praksis\u00bb, som er inkludert i pensum ved flere h\u00f8yskoler og universiteter. Som fagekspert bidro han til Digital21-utvalgets anbefalinger til den norske regjeringen. Videre er Simen medgrunnlegger av L\u00e6r Kidsa Koding, [&hellip;]\" \/>\n<meta property=\"og:url\" content=\"https:\/\/techpointconference.no\/en\/speaker\/simen-sommerfeldt\/\" \/>\n<meta property=\"og:site_name\" content=\"Techpoint 2026 (en)\" \/>\n<meta property=\"article:modified_time\" content=\"2025-10-27T05:34:16+00:00\" \/>\n<meta property=\"og:image\" content=\"https:\/\/techpointconference.no\/en\/wp-content\/uploads\/sites\/2\/2024\/05\/e40c-400o400o2-7vzMshEy22SA9RxfSDqpGs-e1748948825792.jpg\" \/>\n\t<meta property=\"og:image:width\" content=\"284\" \/>\n\t<meta property=\"og:image:height\" content=\"322\" \/>\n\t<meta property=\"og:image:type\" content=\"image\/jpeg\" \/>\n<meta name=\"twitter:card\" content=\"summary_large_image\" \/>\n<meta name=\"twitter:label1\" content=\"Estimated reading time\" \/>\n\t<meta name=\"twitter:data1\" content=\"1 minute\" \/>\n<script type=\"application\/ld+json\" class=\"yoast-schema-graph\">{\"@context\":\"https:\/\/schema.org\",\"@graph\":[{\"@type\":\"WebPage\",\"@id\":\"https:\/\/techpointconference.no\/en\/speaker\/simen-sommerfeldt\/\",\"url\":\"https:\/\/techpointconference.no\/en\/speaker\/simen-sommerfeldt\/\",\"name\":\"Simen Sommerfeldt - Techpoint 2026 (en)\",\"isPartOf\":{\"@id\":\"https:\/\/techpointconference.no\/en\/#website\"},\"primaryImageOfPage\":{\"@id\":\"https:\/\/techpointconference.no\/en\/speaker\/simen-sommerfeldt\/#primaryimage\"},\"image\":{\"@id\":\"https:\/\/techpointconference.no\/en\/speaker\/simen-sommerfeldt\/#primaryimage\"},\"thumbnailUrl\":\"https:\/\/techpointconference.no\/en\/wp-content\/uploads\/sites\/2\/2024\/05\/e40c-400o400o2-7vzMshEy22SA9RxfSDqpGs-e1748948825792.jpg\",\"datePublished\":\"2024-05-16T07:40:18+00:00\",\"dateModified\":\"2025-10-27T05:34:16+00:00\",\"breadcrumb\":{\"@id\":\"https:\/\/techpointconference.no\/en\/speaker\/simen-sommerfeldt\/#breadcrumb\"},\"inLanguage\":\"en-GB\",\"potentialAction\":[{\"@type\":\"ReadAction\",\"target\":[\"https:\/\/techpointconference.no\/en\/speaker\/simen-sommerfeldt\/\"]}]},{\"@type\":\"ImageObject\",\"inLanguage\":\"en-GB\",\"@id\":\"https:\/\/techpointconference.no\/en\/speaker\/simen-sommerfeldt\/#primaryimage\",\"url\":\"https:\/\/techpointconference.no\/en\/wp-content\/uploads\/sites\/2\/2024\/05\/e40c-400o400o2-7vzMshEy22SA9RxfSDqpGs-e1748948825792.jpg\",\"contentUrl\":\"https:\/\/techpointconference.no\/en\/wp-content\/uploads\/sites\/2\/2024\/05\/e40c-400o400o2-7vzMshEy22SA9RxfSDqpGs-e1748948825792.jpg\",\"width\":284,\"height\":322,\"caption\":\"Screenshot\"},{\"@type\":\"BreadcrumbList\",\"@id\":\"https:\/\/techpointconference.no\/en\/speaker\/simen-sommerfeldt\/#breadcrumb\",\"itemListElement\":[{\"@type\":\"ListItem\",\"position\":1,\"name\":\"Hjem\",\"item\":\"https:\/\/techpointconference.no\/en\/\"},{\"@type\":\"ListItem\",\"position\":2,\"name\":\"Simen Sommerfeldt\"}]},{\"@type\":\"WebSite\",\"@id\":\"https:\/\/techpointconference.no\/en\/#website\",\"url\":\"https:\/\/techpointconference.no\/en\/\",\"name\":\"Techpoint 2026\",\"description\":\"Norway\u2019s Leading Arena for AI and Business\",\"potentialAction\":[{\"@type\":\"SearchAction\",\"target\":{\"@type\":\"EntryPoint\",\"urlTemplate\":\"https:\/\/techpointconference.no\/en\/?s={search_term_string}\"},\"query-input\":{\"@type\":\"PropertyValueSpecification\",\"valueRequired\":true,\"valueName\":\"search_term_string\"}}],\"inLanguage\":\"en-GB\"}]}<\/script>\n<!-- \/ Yoast SEO plugin. -->","yoast_head_json":{"title":"Simen Sommerfeldt - Techpoint 2026 (en)","robots":{"index":"index","follow":"follow","max-snippet":"max-snippet:-1","max-image-preview":"max-image-preview:large","max-video-preview":"max-video-preview:-1"},"canonical":"https:\/\/techpointconference.no\/en\/speaker\/simen-sommerfeldt\/","og_locale":"en_GB","og_type":"article","og_title":"Simen Sommerfeldt - Techpoint 2026 (en)","og_description":"Simen Sommerfeldt, teknologidirekt\u00f8r hos Bouvet, et ledende skandinavisk konsulentselskap, er en anerkjent ekspert innen personvern og GDPR. Han har medforfattet boken \u00abPersonvern og GDPR i praksis\u00bb, som er inkludert i pensum ved flere h\u00f8yskoler og universiteter. Som fagekspert bidro han til Digital21-utvalgets anbefalinger til den norske regjeringen. Videre er Simen medgrunnlegger av L\u00e6r Kidsa Koding, [&hellip;]","og_url":"https:\/\/techpointconference.no\/en\/speaker\/simen-sommerfeldt\/","og_site_name":"Techpoint 2026 (en)","article_modified_time":"2025-10-27T05:34:16+00:00","og_image":[{"width":284,"height":322,"url":"https:\/\/techpointconference.no\/en\/wp-content\/uploads\/sites\/2\/2024\/05\/e40c-400o400o2-7vzMshEy22SA9RxfSDqpGs-e1748948825792.jpg","type":"image\/jpeg"}],"twitter_card":"summary_large_image","twitter_misc":{"Estimated reading time":"1 minute"},"schema":{"@context":"https:\/\/schema.org","@graph":[{"@type":"WebPage","@id":"https:\/\/techpointconference.no\/en\/speaker\/simen-sommerfeldt\/","url":"https:\/\/techpointconference.no\/en\/speaker\/simen-sommerfeldt\/","name":"Simen Sommerfeldt - Techpoint 2026 (en)","isPartOf":{"@id":"https:\/\/techpointconference.no\/en\/#website"},"primaryImageOfPage":{"@id":"https:\/\/techpointconference.no\/en\/speaker\/simen-sommerfeldt\/#primaryimage"},"image":{"@id":"https:\/\/techpointconference.no\/en\/speaker\/simen-sommerfeldt\/#primaryimage"},"thumbnailUrl":"https:\/\/techpointconference.no\/en\/wp-content\/uploads\/sites\/2\/2024\/05\/e40c-400o400o2-7vzMshEy22SA9RxfSDqpGs-e1748948825792.jpg","datePublished":"2024-05-16T07:40:18+00:00","dateModified":"2025-10-27T05:34:16+00:00","breadcrumb":{"@id":"https:\/\/techpointconference.no\/en\/speaker\/simen-sommerfeldt\/#breadcrumb"},"inLanguage":"en-GB","potentialAction":[{"@type":"ReadAction","target":["https:\/\/techpointconference.no\/en\/speaker\/simen-sommerfeldt\/"]}]},{"@type":"ImageObject","inLanguage":"en-GB","@id":"https:\/\/techpointconference.no\/en\/speaker\/simen-sommerfeldt\/#primaryimage","url":"https:\/\/techpointconference.no\/en\/wp-content\/uploads\/sites\/2\/2024\/05\/e40c-400o400o2-7vzMshEy22SA9RxfSDqpGs-e1748948825792.jpg","contentUrl":"https:\/\/techpointconference.no\/en\/wp-content\/uploads\/sites\/2\/2024\/05\/e40c-400o400o2-7vzMshEy22SA9RxfSDqpGs-e1748948825792.jpg","width":284,"height":322,"caption":"Screenshot"},{"@type":"BreadcrumbList","@id":"https:\/\/techpointconference.no\/en\/speaker\/simen-sommerfeldt\/#breadcrumb","itemListElement":[{"@type":"ListItem","position":1,"name":"Hjem","item":"https:\/\/techpointconference.no\/en\/"},{"@type":"ListItem","position":2,"name":"Simen Sommerfeldt"}]},{"@type":"WebSite","@id":"https:\/\/techpointconference.no\/en\/#website","url":"https:\/\/techpointconference.no\/en\/","name":"Techpoint 2026","description":"Norway\u2019s Leading Arena for AI and Business","potentialAction":[{"@type":"SearchAction","target":{"@type":"EntryPoint","urlTemplate":"https:\/\/techpointconference.no\/en\/?s={search_term_string}"},"query-input":{"@type":"PropertyValueSpecification","valueRequired":true,"valueName":"search_term_string"}}],"inLanguage":"en-GB"}]}},"_links":{"self":[{"href":"https:\/\/techpointconference.no\/en\/wp-json\/wp\/v2\/speaker\/1581","targetHints":{"allow":["GET"]}}],"collection":[{"href":"https:\/\/techpointconference.no\/en\/wp-json\/wp\/v2\/speaker"}],"about":[{"href":"https:\/\/techpointconference.no\/en\/wp-json\/wp\/v2\/types\/speaker"}],"wp:featuredmedia":[{"embeddable":true,"href":"https:\/\/techpointconference.no\/en\/wp-json\/wp\/v2\/media\/6662"}],"wp:attachment":[{"href":"https:\/\/techpointconference.no\/en\/wp-json\/wp\/v2\/media?parent=1581"}],"wp:term":[{"taxonomy":"conference-year","embeddable":true,"href":"https:\/\/techpointconference.no\/en\/wp-json\/wp\/v2\/Conference years?post=1581"}],"curies":[{"name":"wp","href":"https:\/\/api.w.org\/{rel}","templated":true}]}}